{"id":25,"date":"2017-10-09T13:44:23","date_gmt":"2017-10-09T11:44:23","guid":{"rendered":"http:\/\/arnaud-desjardins-hauteville.fr\/fr\/?page_id=25"},"modified":"2025-06-30T15:49:48","modified_gmt":"2025-06-30T13:49:48","slug":"direction-spirituelle","status":"publish","type":"page","link":"https:\/\/amis-hauteville.fr\/fr\/direction-spirituelle\/","title":{"rendered":"Inspiration et direction spirituelle"},"content":{"rendered":"<p><div class=\"fusion-fullwidth fullwidth-box fusion-builder-row-1 hundred-percent-fullwidth non-hundred-percent-height-scrolling\" style=\"--awb-border-sizes-top:0px;--awb-border-sizes-bottom:0px;--awb-border-sizes-left:0px;--awb-border-sizes-right:0px;--awb-border-color:#f44336;--awb-border-style:dashed;--awb-border-radius-top-left:0px;--awb-border-radius-top-right:0px;--awb-border-radius-bottom-right:0px;--awb-border-radius-bottom-left:0px;--awb-margin-top:0px;--awb-margin-bottom:0px;--awb-flex-wrap:wrap;\" ><div class=\"fusion-builder-row fusion-row\"><div class=\"fusion-layout-column fusion_builder_column fusion-builder-column-0 fusion_builder_column_1_1 1_1 fusion-one-full fusion-column-first fusion-column-last\" style=\"--awb-bg-size:cover;--awb-border-color:#8bc34a;--awb-border-top:0;--awb-border-right:0;--awb-border-bottom:0;--awb-border-left:0;--awb-border-style:dotted;\"><div class=\"fusion-column-wrapper fusion-flex-column-wrapper-legacy\"><div class=\"fusion-column-content-centered\"><div class=\"fusion-column-content\"><div class=\"fusion-image-element fusion-image-align-center in-legacy-container\" style=\"text-align:center;--awb-caption-title-font-family:var(--h2_typography-font-family);--awb-caption-title-font-weight:var(--h2_typography-font-weight);--awb-caption-title-font-style:var(--h2_typography-font-style);--awb-caption-title-size:var(--h2_typography-font-size);--awb-caption-title-transform:var(--h2_typography-text-transform);--awb-caption-title-line-height:var(--h2_typography-line-height);--awb-caption-title-letter-spacing:var(--h2_typography-letter-spacing);\"><div class=\"imageframe-align-center\"><span class=\" fusion-imageframe imageframe-none imageframe-1 hover-type-none\"><img decoding=\"async\" width=\"2500\" height=\"60\" title=\"Frise double \u00e0 2500px_154_mg_2922\" src=\"http:\/\/amis-hauteville.fr\/fr\/wp-content\/uploads\/2017\/10\/Frise-double-\u00e0-2500px_154_mg_2922.jpg\" alt class=\"img-responsive wp-image-807\" srcset=\"https:\/\/amis-hauteville.fr\/fr\/wp-content\/uploads\/2017\/10\/Frise-double-\u00e0-2500px_154_mg_2922-200x5.jpg 200w, https:\/\/amis-hauteville.fr\/fr\/wp-content\/uploads\/2017\/10\/Frise-double-\u00e0-2500px_154_mg_2922-400x10.jpg 400w, https:\/\/amis-hauteville.fr\/fr\/wp-content\/uploads\/2017\/10\/Frise-double-\u00e0-2500px_154_mg_2922-600x14.jpg 600w, https:\/\/amis-hauteville.fr\/fr\/wp-content\/uploads\/2017\/10\/Frise-double-\u00e0-2500px_154_mg_2922-800x19.jpg 800w, https:\/\/amis-hauteville.fr\/fr\/wp-content\/uploads\/2017\/10\/Frise-double-\u00e0-2500px_154_mg_2922-1200x29.jpg 1200w, https:\/\/amis-hauteville.fr\/fr\/wp-content\/uploads\/2017\/10\/Frise-double-\u00e0-2500px_154_mg_2922.jpg 2500w\" sizes=\"(max-width: 800px) 100vw, 1200px\" \/><\/span><\/div><\/div><\/div><\/div><div class=\"fusion-clearfix\"><\/div><\/div><\/div><\/div><\/div><div class=\"fusion-fullwidth fullwidth-box fusion-builder-row-2 nonhundred-percent-fullwidth non-hundred-percent-height-scrolling\" style=\"--awb-border-sizes-top:0px;--awb-border-sizes-bottom:0px;--awb-border-sizes-left:0px;--awb-border-sizes-right:0px;--awb-border-color:#e91e63;--awb-border-style:dotted;--awb-border-radius-top-left:0px;--awb-border-radius-top-right:0px;--awb-border-radius-bottom-right:0px;--awb-border-radius-bottom-left:0px;--awb-margin-top:50px;--awb-flex-wrap:wrap;\" ><div class=\"fusion-builder-row fusion-row\"><div class=\"fusion-layout-column fusion_builder_column fusion-builder-column-1 fusion_builder_column_1_1 1_1 fusion-one-full fusion-column-first fusion-column-last fusion-animated\" style=\"--awb-padding-top:30px;--awb-bg-color:#303030;--awb-bg-color-hover:#303030;--awb-bg-size:cover;--awb-border-color:#c6c6c6;--awb-border-top:1px;--awb-border-right:1px;--awb-border-bottom:1px;--awb-border-left:1px;--awb-border-style:solid;\" data-animationType=\"fadeInUp\" data-animationDuration=\"1.0\" data-animationOffset=\"top-into-view\"><div class=\"fusion-column-wrapper fusion-flex-column-wrapper-legacy\"><div class=\"fusion-text fusion-text-1\"><h2 style=\"text-align: center;\"><span style=\"color: #e5561d; font-family: Libre Baskerville;\">INSPIRATION<br \/>\net DIRECTION SPIRITUELLE<br \/>\n<\/span><\/h2>\n<\/div><div class=\"fusion-clearfix\"><\/div><\/div><\/div><\/div><\/div><div class=\"fusion-fullwidth fullwidth-box fusion-builder-row-3 nonhundred-percent-fullwidth non-hundred-percent-height-scrolling\" style=\"--awb-border-sizes-top:0px;--awb-border-sizes-bottom:0px;--awb-border-sizes-left:0px;--awb-border-sizes-right:0px;--awb-border-color:#e91e63;--awb-border-style:dotted;--awb-border-radius-top-left:0px;--awb-border-radius-top-right:0px;--awb-border-radius-bottom-right:0px;--awb-border-radius-bottom-left:0px;--awb-margin-top:50px;--awb-flex-wrap:wrap;\" ><div class=\"fusion-builder-row fusion-row\"><div class=\"fusion-layout-column fusion_builder_column fusion-builder-column-2 fusion_builder_column_1_1 1_1 fusion-one-full fusion-column-first fusion-column-last fusion-animated\" style=\"--awb-padding-top:30px;--awb-bg-color:#303030;--awb-bg-color-hover:#303030;--awb-bg-size:cover;--awb-border-color:#e5561d;--awb-border-left:0;--awb-border-style:solid;\" data-animationType=\"fadeInUp\" data-animationDuration=\"1.0\" data-animationOffset=\"top-into-view\"><div class=\"fusion-column-wrapper fusion-flex-column-wrapper-legacy\"><div class=\"fusion-text fusion-text-2\"><h4 style=\"text-align: left;\"><span style=\"color: #e5561d; font-family: Libre Baskerville;\">SWAMI PRAJNANPAD<br \/>\n<\/span><\/h4>\n<\/div><div class=\"fusion-clearfix\"><\/div><\/div><\/div><\/div><\/div><div class=\"fusion-fullwidth fullwidth-box fusion-builder-row-4 nonhundred-percent-fullwidth non-hundred-percent-height-scrolling\" style=\"--awb-border-radius-top-left:0px;--awb-border-radius-top-right:0px;--awb-border-radius-bottom-right:0px;--awb-border-radius-bottom-left:0px;--awb-margin-top:40px;--awb-flex-wrap:wrap;\" ><div class=\"fusion-builder-row fusion-row\"><div class=\"fusion-layout-column fusion_builder_column fusion-builder-column-3 fusion_builder_column_1_4 1_4 fusion-one-fourth fusion-column-first\" style=\"--awb-padding-top:15px;--awb-bg-size:cover;width:25%;width:calc(25% - ( ( 4% ) * 0.25 ) );margin-right: 4%;\"><div class=\"fusion-column-wrapper fusion-flex-column-wrapper-legacy\"><div class=\"fusion-image-element in-legacy-container\" style=\"--awb-caption-title-font-family:var(--h2_typography-font-family);--awb-caption-title-font-weight:var(--h2_typography-font-weight);--awb-caption-title-font-style:var(--h2_typography-font-style);--awb-caption-title-size:var(--h2_typography-font-size);--awb-caption-title-transform:var(--h2_typography-text-transform);--awb-caption-title-line-height:var(--h2_typography-line-height);--awb-caption-title-letter-spacing:var(--h2_typography-letter-spacing);\"><span class=\" fusion-imageframe imageframe-none imageframe-2 hover-type-none\" style=\"border:1px solid #ffffff;border-radius:5px;\"><img decoding=\"async\" width=\"234\" height=\"300\" alt=\"Sw\u00e2mi Prajn\u00e2npad\" title=\"Sw\u00e2mi Prajn\u00e2npad\" src=\"http:\/\/amis-hauteville.fr\/fr\/wp-content\/uploads\/2017\/11\/ID_Swamidji-1.jpg\" class=\"img-responsive wp-image-2193\" srcset=\"https:\/\/amis-hauteville.fr\/fr\/wp-content\/uploads\/2017\/11\/ID_Swamidji-1-200x256.jpg 200w, https:\/\/amis-hauteville.fr\/fr\/wp-content\/uploads\/2017\/11\/ID_Swamidji-1.jpg 234w\" sizes=\"(max-width: 800px) 100vw, 234px\" \/><\/span><\/div><div class=\"fusion-clearfix\"><\/div><\/div><\/div><div class=\"fusion-layout-column fusion_builder_column fusion-builder-column-4 fusion_builder_column_3_4 3_4 fusion-three-fourth fusion-column-last\" style=\"--awb-bg-size:cover;width:75%;width:calc(75% - ( ( 4% ) * 0.75 ) );\"><div class=\"fusion-column-wrapper fusion-flex-column-wrapper-legacy\"><div class=\"fusion-text fusion-text-3\"><p style=\"text-align: justify;\">Sw\u00e2mi Prajn\u00e2npad (1891-1974) est un sage indien n\u00e9 au Bengale. Intellectuel brillant, il a \u00e9tudi\u00e9 la litt\u00e9rature anglaise et indienne et les sciences physiques avant de devenir professeur de physique. Il d\u00e9couvre les \u00e9crits de Freud en 1920 et rencontre son ma\u00eetre, Niralamba Sw\u00e2mi, en 1922. Bien que mari\u00e9 et p\u00e8re d\u2019une fille, il d\u00e9cide de mener une existence de moine. Il s\u2019installe dans l\u2019ashram de son ma\u00eetre apr\u00e8s le d\u00e9c\u00e8s de celui-ci et y accueille, selon ses propres mots, des personnes qui \u00ab veulent arr\u00eater de souffrir et sont pr\u00eates \u00e0 se remettre en cause \u00bb. Ses \u00e9l\u00e8ves ont \u00e9t\u00e9 marqu\u00e9s par sa libert\u00e9 d\u2019esprit, la synth\u00e8se qu\u2019il avait su accomplir entre tradition et modernit\u00e9, le caract\u00e8re concret, audacieux et original de son enseignement et l\u2019art avec lequel il se mettait au niveau de ses interlocuteurs, les acceptant tels qu\u2019ils \u00e9taient et les guidant pas \u00e0 pas.<br \/>\nSw\u00e2mi Prajn\u00e2npad n\u2019a \u00e9crit aucun livre mais nous disposons de nombreuses lettres qu\u2019il a \u00e9crites \u00e0 ses disciples ainsi que de quelques entretiens enregistr\u00e9s. Ces documents ont \u00e9t\u00e9 recueillis et publi\u00e9s en France gr\u00e2ce au travail de Daniel Roumanoff.<\/p>\n<\/div><div class=\"fusion-clearfix\"><\/div><\/div><\/div><\/div><\/div><div class=\"fusion-fullwidth fullwidth-box fusion-builder-row-5 nonhundred-percent-fullwidth non-hundred-percent-height-scrolling\" style=\"--awb-border-sizes-top:0px;--awb-border-sizes-bottom:0px;--awb-border-sizes-left:0px;--awb-border-sizes-right:0px;--awb-border-color:#e91e63;--awb-border-style:dotted;--awb-border-radius-top-left:0px;--awb-border-radius-top-right:0px;--awb-border-radius-bottom-right:0px;--awb-border-radius-bottom-left:0px;--awb-margin-top:50px;--awb-flex-wrap:wrap;\" ><div class=\"fusion-builder-row fusion-row\"><div class=\"fusion-layout-column fusion_builder_column fusion-builder-column-5 fusion_builder_column_1_1 1_1 fusion-one-full fusion-column-first fusion-column-last fusion-animated\" style=\"--awb-padding-top:30px;--awb-bg-color:#303030;--awb-bg-color-hover:#303030;--awb-bg-size:cover;--awb-border-color:#e5561d;--awb-border-left:0;--awb-border-style:solid;\" data-animationType=\"fadeInUp\" data-animationDuration=\"1.0\" data-animationOffset=\"top-into-view\"><div class=\"fusion-column-wrapper fusion-flex-column-wrapper-legacy\"><div class=\"fusion-text fusion-text-4\"><h4 style=\"text-align: left;\"><span style=\"color: #e5561d; font-family: Libre Baskerville;\">ARNAUD DESJARDINS<br \/>\n<\/span><\/h4>\n<\/div><div class=\"fusion-clearfix\"><\/div><\/div><\/div><\/div><\/div><div class=\"fusion-fullwidth fullwidth-box fusion-builder-row-6 nonhundred-percent-fullwidth non-hundred-percent-height-scrolling\" style=\"--awb-border-radius-top-left:0px;--awb-border-radius-top-right:0px;--awb-border-radius-bottom-right:0px;--awb-border-radius-bottom-left:0px;--awb-margin-top:40px;--awb-flex-wrap:wrap;\" ><div class=\"fusion-builder-row fusion-row\"><div class=\"fusion-layout-column fusion_builder_column fusion-builder-column-6 fusion_builder_column_1_4 1_4 fusion-one-fourth fusion-column-first\" style=\"--awb-padding-top:15px;--awb-bg-size:cover;width:25%;width:calc(25% - ( ( 4% ) * 0.25 ) );margin-right: 4%;\"><div class=\"fusion-column-wrapper fusion-flex-column-wrapper-legacy\"><div class=\"fusion-image-element in-legacy-container\" style=\"--awb-caption-title-font-family:var(--h2_typography-font-family);--awb-caption-title-font-weight:var(--h2_typography-font-weight);--awb-caption-title-font-style:var(--h2_typography-font-style);--awb-caption-title-size:var(--h2_typography-font-size);--awb-caption-title-transform:var(--h2_typography-text-transform);--awb-caption-title-line-height:var(--h2_typography-line-height);--awb-caption-title-letter-spacing:var(--h2_typography-letter-spacing);\"><span class=\" fusion-imageframe imageframe-none imageframe-3 hover-type-none\" style=\"border:1px solid #ffffff;border-radius:5px;\"><img decoding=\"async\" width=\"234\" height=\"300\" alt=\"Arnaud Desjardins (2007)\" title=\"Arnaud Desjardins (2007)\" src=\"http:\/\/amis-hauteville.fr\/fr\/wp-content\/uploads\/2017\/11\/ID_ARN008.jpg\" class=\"img-responsive wp-image-2191\" srcset=\"https:\/\/amis-hauteville.fr\/fr\/wp-content\/uploads\/2017\/11\/ID_ARN008-200x256.jpg 200w, https:\/\/amis-hauteville.fr\/fr\/wp-content\/uploads\/2017\/11\/ID_ARN008.jpg 234w\" sizes=\"(max-width: 800px) 100vw, 234px\" \/><\/span><\/div><div class=\"fusion-clearfix\"><\/div><\/div><\/div><div class=\"fusion-layout-column fusion_builder_column fusion-builder-column-7 fusion_builder_column_3_4 3_4 fusion-three-fourth fusion-column-last\" style=\"--awb-bg-size:cover;width:75%;width:calc(75% - ( ( 4% ) * 0.75 ) );\"><div class=\"fusion-column-wrapper fusion-flex-column-wrapper-legacy\"><div class=\"fusion-text fusion-text-5\"><p style=\"text-align: justify;\">Arnaud Desjardins (1925-2011).<br \/>\nAncien r\u00e9alisateur \u00e0 la T\u00e9l\u00e9vision fran\u00e7aise, grand voyageur, auteur de documentaires sur les spiritualit\u00e9s vivantes d\u2019Orient, Arnaud Desjardins rencontre de nombreux grands ma\u00eetres en Asie, dont M\u00e2 Anandamayi, qui sont autant d\u2019influences et de b\u00e9n\u00e9dictions qui animent l\u2019ashram de Hauteville. Il rencontre en 1965 Sw\u00e2mi Prajn\u00e2npad \u00e0 qui il doit sa propre transformation int\u00e9rieure apr\u00e8s neuf ans de s\u00e9jours r\u00e9guliers en Inde.<br \/>\nSur la suggestion de Sw\u00e2mi Prajn\u00e2npad, Arnaud Desjardins t\u00e9moignera \u00e0 son tour de l\u2019enseignement qu&rsquo;il a re\u00e7u en prenant lui-m\u00eame en charge les \u00e9l\u00e8ves qui font appel \u00e0 lui, ainsi qu&rsquo;en publiant des livres qui toucheront de nombreux lecteurs. Il fondera en 1974 un premier ashram en France qui, par la suite, s\u2019implantera en Ard\u00e8che en 1995 sous le nom de <strong>Hauteville<\/strong>.<br \/>\nDans les derni\u00e8res ann\u00e9es de sa vie, Arnaud Desjardins a pr\u00e9par\u00e9 ce qu\u2019il appelait lui-m\u00eame \u00ab\u00a0l\u2019apr\u00e8s-Arnaud\u00a0\u00bb. Il s\u2019agissait d\u2019assurer la continuit\u00e9 de la transmission apr\u00e8s sa mort pour poursuivre l&rsquo;accompagnement de ceux qui lui avaient fait confiance et accueillir les nouveaux-venus d\u00e9sireux de s\u2019engager sur cette voie.<\/p>\n<\/div><div class=\"fusion-clearfix\"><\/div><\/div><\/div><\/div><\/div><div class=\"fusion-fullwidth fullwidth-box fusion-builder-row-7 nonhundred-percent-fullwidth non-hundred-percent-height-scrolling\" style=\"--awb-border-sizes-top:0px;--awb-border-sizes-bottom:0px;--awb-border-sizes-left:0px;--awb-border-sizes-right:0px;--awb-border-color:#e91e63;--awb-border-style:dotted;--awb-border-radius-top-left:0px;--awb-border-radius-top-right:0px;--awb-border-radius-bottom-right:0px;--awb-border-radius-bottom-left:0px;--awb-margin-top:50px;--awb-flex-wrap:wrap;\" ><div class=\"fusion-builder-row fusion-row\"><div class=\"fusion-layout-column fusion_builder_column fusion-builder-column-8 fusion_builder_column_1_1 1_1 fusion-one-full fusion-column-first fusion-column-last fusion-animated\" style=\"--awb-padding-top:30px;--awb-bg-color:#303030;--awb-bg-color-hover:#303030;--awb-bg-size:cover;--awb-border-color:#e5561d;--awb-border-left:0;--awb-border-style:solid;\" data-animationType=\"fadeInUp\" data-animationDuration=\"1.0\" data-animationOffset=\"top-into-view\"><div class=\"fusion-column-wrapper fusion-flex-column-wrapper-legacy\"><div class=\"fusion-text fusion-text-6\"><h4 style=\"text-align: left;\"><span style=\"color: #e5561d; font-family: Libre Baskerville;\">ERIC EDELMANN<br \/>\n<\/span><\/h4>\n<\/div><div class=\"fusion-clearfix\"><\/div><\/div><\/div><\/div><\/div><div class=\"fusion-fullwidth fullwidth-box fusion-builder-row-8 nonhundred-percent-fullwidth non-hundred-percent-height-scrolling\" style=\"--awb-border-radius-top-left:0px;--awb-border-radius-top-right:0px;--awb-border-radius-bottom-right:0px;--awb-border-radius-bottom-left:0px;--awb-margin-top:40px;--awb-flex-wrap:wrap;\" ><div class=\"fusion-builder-row fusion-row\"><div class=\"fusion-layout-column fusion_builder_column fusion-builder-column-9 fusion_builder_column_1_4 1_4 fusion-one-fourth fusion-column-first\" style=\"--awb-padding-top:15px;--awb-bg-size:cover;width:25%;width:calc(25% - ( ( 4% ) * 0.25 ) );margin-right: 4%;\"><div class=\"fusion-column-wrapper fusion-flex-column-wrapper-legacy\"><div class=\"fusion-image-element in-legacy-container\" style=\"--awb-caption-title-font-family:var(--h2_typography-font-family);--awb-caption-title-font-weight:var(--h2_typography-font-weight);--awb-caption-title-font-style:var(--h2_typography-font-style);--awb-caption-title-size:var(--h2_typography-font-size);--awb-caption-title-transform:var(--h2_typography-text-transform);--awb-caption-title-line-height:var(--h2_typography-line-height);--awb-caption-title-letter-spacing:var(--h2_typography-letter-spacing);\"><span class=\" fusion-imageframe imageframe-none imageframe-4 hover-type-none\" style=\"border:1px solid #ffffff;border-radius:5px;\"><img decoding=\"async\" width=\"234\" height=\"300\" alt=\"Arnaud Desjardins et Eric Edelman (2008)\" title=\"Arnaud Desjardins et Eric Edelman (2008)\" src=\"http:\/\/amis-hauteville.fr\/fr\/wp-content\/uploads\/2017\/11\/ID_ag-2008-dimanch64-1.jpg\" class=\"img-responsive wp-image-2190\" srcset=\"https:\/\/amis-hauteville.fr\/fr\/wp-content\/uploads\/2017\/11\/ID_ag-2008-dimanch64-1-200x256.jpg 200w, https:\/\/amis-hauteville.fr\/fr\/wp-content\/uploads\/2017\/11\/ID_ag-2008-dimanch64-1.jpg 234w\" sizes=\"(max-width: 800px) 100vw, 234px\" \/><\/span><\/div><div class=\"fusion-clearfix\"><\/div><\/div><\/div><div class=\"fusion-layout-column fusion_builder_column fusion-builder-column-10 fusion_builder_column_3_4 3_4 fusion-three-fourth fusion-column-last\" style=\"--awb-bg-size:cover;width:75%;width:calc(75% - ( ( 4% ) * 0.75 ) );\"><div class=\"fusion-column-wrapper fusion-flex-column-wrapper-legacy\"><div class=\"fusion-text fusion-text-7\"><p style=\"text-align: justify;\">\u00c9l\u00e8ve de longue date d\u2019Arnaud Desjardins, Eric Edelmann a fond\u00e9 \u00e0 sa demande <a href=\"http:\/\/www.mangalam.ca\/\">Mangalam<\/a>, l\u2019ashram d\u2019Arnaud Desjardins au Qu\u00e9bec (1994). En 2008, de son vivant, Arnaud l\u2019a d\u00e9sign\u00e9 comme num\u00e9ro 2 de la sangha apr\u00e8s lui. Depuis son d\u00e9c\u00e8s en 2011, Eric est maintenant devenu le d\u00e9tenteur de notre lign\u00e9e.<\/p>\n<\/div><div class=\"fusion-clearfix\"><\/div><\/div><\/div><\/div><\/div><div class=\"fusion-fullwidth fullwidth-box fusion-builder-row-9 nonhundred-percent-fullwidth non-hundred-percent-height-scrolling\" style=\"--awb-border-sizes-top:0px;--awb-border-sizes-bottom:0px;--awb-border-sizes-left:0px;--awb-border-sizes-right:0px;--awb-border-color:#e91e63;--awb-border-style:dotted;--awb-border-radius-top-left:0px;--awb-border-radius-top-right:0px;--awb-border-radius-bottom-right:0px;--awb-border-radius-bottom-left:0px;--awb-margin-top:50px;--awb-flex-wrap:wrap;\" ><div class=\"fusion-builder-row fusion-row\"><div class=\"fusion-layout-column fusion_builder_column fusion-builder-column-11 fusion_builder_column_1_1 1_1 fusion-one-full fusion-column-first fusion-column-last fusion-animated\" style=\"--awb-padding-top:30px;--awb-bg-color:#303030;--awb-bg-color-hover:#303030;--awb-bg-size:cover;--awb-border-color:#e5561d;--awb-border-left:0;--awb-border-style:solid;\" data-animationType=\"fadeInUp\" data-animationDuration=\"1.0\" data-animationOffset=\"top-into-view\"><div class=\"fusion-column-wrapper fusion-flex-column-wrapper-legacy\"><div class=\"fusion-text fusion-text-8\"><h4 style=\"text-align: left;\"><span style=\"color: #e5561d; font-family: Libre Baskerville;\">EMMANUEL DESJARDINS et THIERRY MARTIN<br \/>\n<\/span><\/h4>\n<\/div><div class=\"fusion-clearfix\"><\/div><\/div><\/div><\/div><\/div><div class=\"fusion-fullwidth fullwidth-box fusion-builder-row-10 nonhundred-percent-fullwidth non-hundred-percent-height-scrolling\" style=\"--awb-border-radius-top-left:0px;--awb-border-radius-top-right:0px;--awb-border-radius-bottom-right:0px;--awb-border-radius-bottom-left:0px;--awb-margin-top:40px;--awb-flex-wrap:wrap;\" ><div class=\"fusion-builder-row fusion-row\"><div class=\"fusion-layout-column fusion_builder_column fusion-builder-column-12 fusion_builder_column_1_4 1_4 fusion-one-fourth fusion-column-first\" style=\"--awb-padding-top:15px;--awb-bg-size:cover;width:25%;width:calc(25% - ( ( 4% + 4% ) * 0.25 ) );margin-right: 4%;\"><div class=\"fusion-column-wrapper fusion-flex-column-wrapper-legacy\"><div class=\"fusion-image-element in-legacy-container\" style=\"--awb-caption-title-font-family:var(--h2_typography-font-family);--awb-caption-title-font-weight:var(--h2_typography-font-weight);--awb-caption-title-font-style:var(--h2_typography-font-style);--awb-caption-title-size:var(--h2_typography-font-size);--awb-caption-title-transform:var(--h2_typography-text-transform);--awb-caption-title-line-height:var(--h2_typography-line-height);--awb-caption-title-letter-spacing:var(--h2_typography-letter-spacing);\"><span class=\" fusion-imageframe imageframe-none imageframe-5 hover-type-none\" style=\"border:1px solid #ffffff;border-radius:5px;\"><img decoding=\"async\" width=\"234\" height=\"300\" alt=\"Emmanuel Desjardins\" title=\"Emmanuel Desjardins\" src=\"http:\/\/amis-hauteville.fr\/fr\/wp-content\/uploads\/2017\/10\/ENSEIGNANTS_Emmanuel2_DSF6616.jpg\" class=\"img-responsive wp-image-2302\" srcset=\"https:\/\/amis-hauteville.fr\/fr\/wp-content\/uploads\/2017\/10\/ENSEIGNANTS_Emmanuel2_DSF6616-200x256.jpg 200w, https:\/\/amis-hauteville.fr\/fr\/wp-content\/uploads\/2017\/10\/ENSEIGNANTS_Emmanuel2_DSF6616.jpg 234w\" sizes=\"(max-width: 800px) 100vw, 234px\" \/><\/span><\/div><div class=\"fusion-clearfix\"><\/div><\/div><\/div><div class=\"fusion-layout-column fusion_builder_column fusion-builder-column-13 fusion_builder_column_1_2 1_2 fusion-one-half\" style=\"--awb-bg-size:cover;width:50%;width:calc(50% - ( ( 4% + 4% ) * 0.5 ) );margin-right: 4%;\"><div class=\"fusion-column-wrapper fusion-flex-column-wrapper-legacy\"><div class=\"fusion-text fusion-text-9\"><p style=\"text-align: justify;\">Depuis la mort d\u2019Arnaud, survenue en ao\u00fbt 2011, Emmanuel Desjardins, assist\u00e9 de Thierry Martin, a pris la direction de Hauteville, conform\u00e9ment \u00e0 la vision d\u2019Arnaud.<\/p>\n<\/div><div class=\"fusion-clearfix\"><\/div><\/div><\/div><div class=\"fusion-layout-column fusion_builder_column fusion-builder-column-14 fusion_builder_column_1_4 1_4 fusion-one-fourth fusion-column-last\" style=\"--awb-padding-top:15px;--awb-bg-size:cover;width:25%;width:calc(25% - ( ( 4% + 4% ) * 0.25 ) );\"><div class=\"fusion-column-wrapper fusion-flex-column-wrapper-legacy\"><div class=\"fusion-image-element in-legacy-container\" style=\"--awb-caption-title-font-family:var(--h2_typography-font-family);--awb-caption-title-font-weight:var(--h2_typography-font-weight);--awb-caption-title-font-style:var(--h2_typography-font-style);--awb-caption-title-size:var(--h2_typography-font-size);--awb-caption-title-transform:var(--h2_typography-text-transform);--awb-caption-title-line-height:var(--h2_typography-line-height);--awb-caption-title-letter-spacing:var(--h2_typography-letter-spacing);\"><span class=\" fusion-imageframe imageframe-none imageframe-6 hover-type-none\" style=\"border:1px solid #ffffff;border-radius:5px;\"><img decoding=\"async\" width=\"234\" height=\"300\" alt=\"Thierry Martin\" title=\"Thierry Martin\" src=\"http:\/\/amis-hauteville.fr\/fr\/wp-content\/uploads\/2017\/11\/ENSEIGNANTS_Thierry-MARTIN_DSF6601.jpg\" class=\"img-responsive wp-image-2295\" srcset=\"https:\/\/amis-hauteville.fr\/fr\/wp-content\/uploads\/2017\/11\/ENSEIGNANTS_Thierry-MARTIN_DSF6601-200x256.jpg 200w, https:\/\/amis-hauteville.fr\/fr\/wp-content\/uploads\/2017\/11\/ENSEIGNANTS_Thierry-MARTIN_DSF6601.jpg 234w\" sizes=\"(max-width: 800px) 100vw, 234px\" \/><\/span><\/div><div class=\"fusion-clearfix\"><\/div><\/div><\/div><\/div><\/div><div class=\"fusion-fullwidth fullwidth-box fusion-builder-row-11 nonhundred-percent-fullwidth non-hundred-percent-height-scrolling\" style=\"--awb-border-sizes-top:0px;--awb-border-sizes-bottom:0px;--awb-border-sizes-left:0px;--awb-border-sizes-right:0px;--awb-border-color:#e91e63;--awb-border-style:dotted;--awb-border-radius-top-left:0px;--awb-border-radius-top-right:0px;--awb-border-radius-bottom-right:0px;--awb-border-radius-bottom-left:0px;--awb-margin-top:50px;--awb-flex-wrap:wrap;\" ><div class=\"fusion-builder-row fusion-row\"><div class=\"fusion-layout-column fusion_builder_column fusion-builder-column-15 fusion_builder_column_1_1 1_1 fusion-one-full fusion-column-first fusion-column-last fusion-animated\" style=\"--awb-padding-top:30px;--awb-bg-color:#303030;--awb-bg-color-hover:#303030;--awb-bg-size:cover;--awb-border-color:#e5561d;--awb-border-left:0;--awb-border-style:solid;\" data-animationType=\"fadeInUp\" data-animationDuration=\"1.0\" data-animationOffset=\"top-into-view\"><div class=\"fusion-column-wrapper fusion-flex-column-wrapper-legacy\"><div class=\"fusion-text fusion-text-10\"><h4 style=\"text-align: left;\"><span style=\"color: #e5561d; font-family: Libre Baskerville;\">V\u00c9RONIQUE DESJARDINS<br \/>\n<\/span><\/h4>\n<\/div><div class=\"fusion-clearfix\"><\/div><\/div><\/div><\/div><\/div><div class=\"fusion-fullwidth fullwidth-box fusion-builder-row-12 nonhundred-percent-fullwidth non-hundred-percent-height-scrolling\" style=\"--awb-border-radius-top-left:0px;--awb-border-radius-top-right:0px;--awb-border-radius-bottom-right:0px;--awb-border-radius-bottom-left:0px;--awb-margin-top:40px;--awb-margin-bottom:50px;--awb-flex-wrap:wrap;\" ><div class=\"fusion-builder-row fusion-row\"><div class=\"fusion-layout-column fusion_builder_column fusion-builder-column-16 fusion_builder_column_1_4 1_4 fusion-one-fourth fusion-column-first\" style=\"--awb-padding-top:15px;--awb-bg-size:cover;width:25%;width:calc(25% - ( ( 4% ) * 0.25 ) );margin-right: 4%;\"><div class=\"fusion-column-wrapper fusion-flex-column-wrapper-legacy\"><div class=\"fusion-image-element in-legacy-container\" style=\"--awb-caption-title-font-family:var(--h2_typography-font-family);--awb-caption-title-font-weight:var(--h2_typography-font-weight);--awb-caption-title-font-style:var(--h2_typography-font-style);--awb-caption-title-size:var(--h2_typography-font-size);--awb-caption-title-transform:var(--h2_typography-text-transform);--awb-caption-title-line-height:var(--h2_typography-line-height);--awb-caption-title-letter-spacing:var(--h2_typography-letter-spacing);\"><span class=\" fusion-imageframe imageframe-none imageframe-7 hover-type-none\" style=\"border:1px solid #ffffff;border-radius:5px;\"><img decoding=\"async\" width=\"234\" height=\"300\" alt=\"V\u00e9ronique Desjardins\" title=\"V\u00e9ronique Desjardins\" src=\"http:\/\/amis-hauteville.fr\/fr\/wp-content\/uploads\/2017\/10\/ENSEIGNANTS_V\u00e9ronique-et-Gilles-ao\u00fbt-2016.jpg\" class=\"img-responsive wp-image-2364\" srcset=\"https:\/\/amis-hauteville.fr\/fr\/wp-content\/uploads\/2017\/10\/ENSEIGNANTS_V\u00e9ronique-et-Gilles-ao\u00fbt-2016-200x256.jpg 200w, https:\/\/amis-hauteville.fr\/fr\/wp-content\/uploads\/2017\/10\/ENSEIGNANTS_V\u00e9ronique-et-Gilles-ao\u00fbt-2016.jpg 234w\" sizes=\"(max-width: 800px) 100vw, 234px\" \/><\/span><\/div><div class=\"fusion-clearfix\"><\/div><\/div><\/div><div class=\"fusion-layout-column fusion_builder_column fusion-builder-column-17 fusion_builder_column_3_4 3_4 fusion-three-fourth fusion-column-last\" style=\"--awb-bg-size:cover;width:75%;width:calc(75% - ( ( 4% ) * 0.75 ) );\"><div class=\"fusion-column-wrapper fusion-flex-column-wrapper-legacy\"><div class=\"fusion-text fusion-text-11\"><p style=\"text-align: justify;\">Arnaud a \u00e9galement reconnu une place particuli\u00e8re \u00e0 son \u00e9pouse V\u00e9ronique. Elle t\u00e9moigne de la dimension f\u00e9minine de la voie et veille \u00e0 la pr\u00e9servation de l\u2019h\u00e9ritage d\u2019Arnaud.<\/p>\n<\/div><div class=\"fusion-clearfix\"><\/div><\/div><\/div><\/div><\/div><div class=\"fusion-fullwidth fullwidth-box fusion-builder-row-13 nonhundred-percent-fullwidth non-hundred-percent-height-scrolling\" style=\"--awb-border-sizes-top:0px;--awb-border-sizes-bottom:0px;--awb-border-sizes-left:0px;--awb-border-sizes-right:0px;--awb-border-color:#f44336;--awb-border-style:dotted;--awb-border-radius-top-left:0px;--awb-border-radius-top-right:0px;--awb-border-radius-bottom-right:0px;--awb-border-radius-bottom-left:0px;--awb-flex-wrap:wrap;\" ><div class=\"fusion-builder-row fusion-row\"><div class=\"fusion-layout-column fusion_builder_column fusion-builder-column-18 fusion_builder_column_1_1 1_1 fusion-one-full fusion-column-first fusion-column-last\" style=\"--awb-bg-size:cover;--awb-border-color:#8bc34a;--awb-border-top:0;--awb-border-right:0;--awb-border-bottom:0;--awb-border-left:0;--awb-border-style:dotted;\"><div class=\"fusion-column-wrapper fusion-flex-column-wrapper-legacy\"><div class=\"fusion-title title fusion-title-1 fusion-title-center fusion-title-text fusion-title-size-one\" style=\"--awb-margin-bottom:0px;--awb-sep-color:#515151;\"><div class=\"title-sep-container title-sep-container-left\"><div class=\"title-sep sep-single sep-solid\" style=\"border-color:#515151;\"><\/div><\/div><span class=\"awb-title-spacer\"><\/span><h1 class=\"fusion-title-heading title-heading-center fusion-responsive-typography-calculated\" style=\"margin:0;--fontSize:100;line-height:1.75;\"><img decoding=\"async\" class=\"size-full wp-image-179 aligncenter\" src=\"http:\/\/amis-hauteville.fr\/fr\/wp-content\/uploads\/2017\/10\/Fleur-de-section.png\" alt=\"\" width=\"50\" height=\"50\" \/><\/h1><span class=\"awb-title-spacer\"><\/span><div class=\"title-sep-container title-sep-container-right\"><div class=\"title-sep sep-single sep-solid\" style=\"border-color:#515151;\"><\/div><\/div><\/div><div class=\"fusion-clearfix\"><\/div><\/div><\/div><\/div><\/div><div class=\"fusion-fullwidth fullwidth-box fusion-builder-row-14 nonhundred-percent-fullwidth non-hundred-percent-height-scrolling\" style=\"--awb-border-sizes-top:0px;--awb-border-sizes-bottom:0px;--awb-border-sizes-left:0px;--awb-border-sizes-right:0px;--awb-border-color:#f44336;--awb-border-style:dotted;--awb-border-radius-top-left:0px;--awb-border-radius-top-right:0px;--awb-border-radius-bottom-right:0px;--awb-border-radius-bottom-left:0px;--awb-padding-top:50px;--awb-padding-bottom:0px;--awb-margin-top:30px;--awb-margin-bottom:0px;--awb-flex-wrap:wrap;\" ><div class=\"fusion-builder-row fusion-row\"><div class=\"fusion-layout-column fusion_builder_column fusion-builder-column-19 fusion_builder_column_1_1 1_1 fusion-one-full fusion-column-first fusion-column-last\" style=\"--awb-bg-size:cover;--awb-border-color:#8bc34a;--awb-border-top:0;--awb-border-right:0;--awb-border-bottom:0;--awb-border-left:0;--awb-border-style:dotted;\"><div class=\"fusion-column-wrapper fusion-flex-column-wrapper-legacy\"><div class=\"fusion-title title fusion-title-2 fusion-sep-none fusion-title-text fusion-title-size-three\" style=\"--awb-margin-bottom:5px;--awb-sep-color:#e5561d;\"><h3 class=\"fusion-title-heading title-heading-left fusion-responsive-typography-calculated\" style=\"margin:0;--fontSize:35;line-height:2.22;\">LES ENSEIGNANTS ACTUELS A HAUTEVILLE<\/h3><\/div><div class=\"fusion-clearfix\"><\/div><\/div><\/div><\/div><\/div><div class=\"fusion-fullwidth fullwidth-box fusion-builder-row-15 nonhundred-percent-fullwidth non-hundred-percent-height-scrolling\" style=\"--awb-border-radius-top-left:0px;--awb-border-radius-top-right:0px;--awb-border-radius-bottom-right:0px;--awb-border-radius-bottom-left:0px;--awb-margin-top:40px;--awb-flex-wrap:wrap;\" ><div class=\"fusion-builder-row fusion-row\"><div class=\"fusion-layout-column fusion_builder_column fusion-builder-column-20 fusion_builder_column_1_5 1_5 fusion-one-fifth fusion-column-first fusion-animated\" style=\"--awb-bg-size:cover;--awb-margin-top:30px;width:20%;width:calc(20% - ( ( 4% + 4% + 4% + 4% ) * 0.2 ) );margin-right: 4%;\" data-animationType=\"fadeInLeft\" data-animationDuration=\"0.3\" data-animationOffset=\"top-into-view\"><div class=\"fusion-column-wrapper fusion-flex-column-wrapper-legacy\"><div class=\"fusion-image-element fusion-image-align-center in-legacy-container\" style=\"text-align:center;--awb-caption-title-font-family:var(--h2_typography-font-family);--awb-caption-title-font-weight:var(--h2_typography-font-weight);--awb-caption-title-font-style:var(--h2_typography-font-style);--awb-caption-title-size:var(--h2_typography-font-size);--awb-caption-title-transform:var(--h2_typography-text-transform);--awb-caption-title-line-height:var(--h2_typography-line-height);--awb-caption-title-letter-spacing:var(--h2_typography-letter-spacing);\"><div class=\"imageframe-align-center\"><span class=\" fusion-imageframe imageframe-none imageframe-8 hover-type-none\" style=\"border:1px solid #ffffff;border-radius:5px;\"><img decoding=\"async\" width=\"234\" height=\"300\" title=\"Emmanuel Desjardins\" src=\"http:\/\/amis-hauteville.fr\/fr\/wp-content\/uploads\/2017\/11\/ENSEIGNANTS_Emmanuel_DSF6304.jpg\" alt class=\"img-responsive wp-image-2005\" srcset=\"https:\/\/amis-hauteville.fr\/fr\/wp-content\/uploads\/2017\/11\/ENSEIGNANTS_Emmanuel_DSF6304-200x256.jpg 200w, https:\/\/amis-hauteville.fr\/fr\/wp-content\/uploads\/2017\/11\/ENSEIGNANTS_Emmanuel_DSF6304.jpg 234w\" sizes=\"(max-width: 800px) 100vw, 200px\" \/><\/span><\/div><\/div><div class=\"fusion-clearfix\"><\/div><\/div><\/div><div class=\"fusion-layout-column fusion_builder_column fusion-builder-column-21 fusion_builder_column_1_5 1_5 fusion-one-fifth\" style=\"--awb-bg-size:cover;--awb-margin-top:30px;width:20%;width:calc(20% - ( ( 4% + 4% + 4% + 4% ) * 0.2 ) );margin-right: 4%;\"><div class=\"fusion-column-wrapper fusion-flex-column-wrapper-legacy\"><div class=\"fusion-image-element fusion-image-align-center in-legacy-container\" style=\"text-align:center;--awb-caption-title-font-family:var(--h2_typography-font-family);--awb-caption-title-font-weight:var(--h2_typography-font-weight);--awb-caption-title-font-style:var(--h2_typography-font-style);--awb-caption-title-size:var(--h2_typography-font-size);--awb-caption-title-transform:var(--h2_typography-text-transform);--awb-caption-title-line-height:var(--h2_typography-line-height);--awb-caption-title-letter-spacing:var(--h2_typography-letter-spacing);\"><div class=\"imageframe-align-center\"><span class=\" fusion-imageframe imageframe-none imageframe-9 hover-type-none\" style=\"border:1px solid #ffffff;border-radius:5px;\"><img decoding=\"async\" width=\"234\" height=\"300\" alt=\"Thierry Martin\" title=\"Thierry Martin\" src=\"http:\/\/amis-hauteville.fr\/fr\/wp-content\/uploads\/2017\/11\/ENSEIGNANTS_Thierry-MARTIN_DSF6601.jpg\" class=\"img-responsive wp-image-2295\" srcset=\"https:\/\/amis-hauteville.fr\/fr\/wp-content\/uploads\/2017\/11\/ENSEIGNANTS_Thierry-MARTIN_DSF6601-200x256.jpg 200w, https:\/\/amis-hauteville.fr\/fr\/wp-content\/uploads\/2017\/11\/ENSEIGNANTS_Thierry-MARTIN_DSF6601.jpg 234w\" sizes=\"(max-width: 800px) 100vw, 200px\" \/><\/span><\/div><\/div><div class=\"fusion-clearfix\"><\/div><\/div><\/div><div class=\"fusion-layout-column fusion_builder_column fusion-builder-column-22 fusion_builder_column_1_5 1_5 fusion-one-fifth\" style=\"--awb-bg-size:cover;--awb-margin-top:30px;width:20%;width:calc(20% - ( ( 4% + 4% + 4% + 4% ) * 0.2 ) );margin-right: 4%;\"><div class=\"fusion-column-wrapper fusion-flex-column-wrapper-legacy\"><div class=\"fusion-image-element fusion-image-align-center in-legacy-container\" style=\"text-align:center;--awb-caption-title-font-family:var(--h2_typography-font-family);--awb-caption-title-font-weight:var(--h2_typography-font-weight);--awb-caption-title-font-style:var(--h2_typography-font-style);--awb-caption-title-size:var(--h2_typography-font-size);--awb-caption-title-transform:var(--h2_typography-text-transform);--awb-caption-title-line-height:var(--h2_typography-line-height);--awb-caption-title-letter-spacing:var(--h2_typography-letter-spacing);\"><div class=\"imageframe-align-center\"><span class=\" fusion-imageframe imageframe-none imageframe-10 hover-type-none\" style=\"border:1px solid #ffffff;border-radius:5px;\"><img decoding=\"async\" width=\"234\" height=\"300\" title=\"Marie Mathiot\" src=\"http:\/\/amis-hauteville.fr\/fr\/wp-content\/uploads\/2017\/11\/ENSEIGNANTS_Marie2__DSF6316.jpg\" alt class=\"img-responsive wp-image-2011\" srcset=\"https:\/\/amis-hauteville.fr\/fr\/wp-content\/uploads\/2017\/11\/ENSEIGNANTS_Marie2__DSF6316-200x256.jpg 200w, https:\/\/amis-hauteville.fr\/fr\/wp-content\/uploads\/2017\/11\/ENSEIGNANTS_Marie2__DSF6316.jpg 234w\" sizes=\"(max-width: 800px) 100vw, 200px\" \/><\/span><\/div><\/div><div class=\"fusion-clearfix\"><\/div><\/div><\/div><div class=\"fusion-layout-column fusion_builder_column fusion-builder-column-23 fusion_builder_column_1_5 1_5 fusion-one-fifth\" style=\"--awb-bg-size:cover;--awb-margin-top:30px;width:20%;width:calc(20% - ( ( 4% + 4% + 4% + 4% ) * 0.2 ) );margin-right: 4%;\"><div class=\"fusion-column-wrapper fusion-flex-column-wrapper-legacy\"><div class=\"fusion-image-element fusion-image-align-center in-legacy-container\" style=\"text-align:center;--awb-caption-title-font-family:var(--h2_typography-font-family);--awb-caption-title-font-weight:var(--h2_typography-font-weight);--awb-caption-title-font-style:var(--h2_typography-font-style);--awb-caption-title-size:var(--h2_typography-font-size);--awb-caption-title-transform:var(--h2_typography-text-transform);--awb-caption-title-line-height:var(--h2_typography-line-height);--awb-caption-title-letter-spacing:var(--h2_typography-letter-spacing);\"><div class=\"imageframe-align-center\"><span class=\" fusion-imageframe imageframe-none imageframe-11 hover-type-none\" style=\"border:1px solid #ffffff;border-radius:5px;\"><img decoding=\"async\" width=\"234\" height=\"300\" title=\"V\u00e9ronique Desjardins\" src=\"http:\/\/amis-hauteville.fr\/fr\/wp-content\/uploads\/2017\/11\/ENSEIGNANTS_V\u00e9ronique_DSCF2201.jpg\" alt class=\"img-responsive wp-image-2008\" srcset=\"https:\/\/amis-hauteville.fr\/fr\/wp-content\/uploads\/2017\/11\/ENSEIGNANTS_V\u00e9ronique_DSCF2201-200x256.jpg 200w, https:\/\/amis-hauteville.fr\/fr\/wp-content\/uploads\/2017\/11\/ENSEIGNANTS_V\u00e9ronique_DSCF2201.jpg 234w\" sizes=\"(max-width: 800px) 100vw, 200px\" \/><\/span><\/div><\/div><div class=\"fusion-clearfix\"><\/div><\/div><\/div><div class=\"fusion-layout-column fusion_builder_column fusion-builder-column-24 fusion_builder_column_1_5 1_5 fusion-one-fifth fusion-column-last\" style=\"--awb-bg-size:cover;--awb-margin-top:30px;width:20%;width:calc(20% - ( ( 4% + 4% + 4% + 4% ) * 0.2 ) );\"><div class=\"fusion-column-wrapper fusion-flex-column-wrapper-legacy\"><div class=\"fusion-image-element fusion-image-align-center in-legacy-container\" style=\"text-align:center;--awb-caption-title-font-family:var(--h2_typography-font-family);--awb-caption-title-font-weight:var(--h2_typography-font-weight);--awb-caption-title-font-style:var(--h2_typography-font-style);--awb-caption-title-size:var(--h2_typography-font-size);--awb-caption-title-transform:var(--h2_typography-text-transform);--awb-caption-title-line-height:var(--h2_typography-line-height);--awb-caption-title-letter-spacing:var(--h2_typography-letter-spacing);\"><div class=\"imageframe-align-center\"><span class=\" fusion-imageframe imageframe-none imageframe-12 hover-type-none\" style=\"border:1px solid #ffffff;border-radius:5px;\"><img decoding=\"async\" width=\"234\" height=\"300\" alt=\"Murielle Massin\" title=\"Murielle Massin\" src=\"http:\/\/amis-hauteville.fr\/fr\/wp-content\/uploads\/2025\/06\/Murielle.jpg\" class=\"img-responsive wp-image-2860\" srcset=\"https:\/\/amis-hauteville.fr\/fr\/wp-content\/uploads\/2025\/06\/Murielle-200x256.jpg 200w, https:\/\/amis-hauteville.fr\/fr\/wp-content\/uploads\/2025\/06\/Murielle.jpg 234w\" sizes=\"(max-width: 800px) 100vw, 200px\" \/><\/span><\/div><\/div><div class=\"fusion-clearfix\"><\/div><\/div><\/div><\/div><\/div><div class=\"fusion-fullwidth fullwidth-box fusion-builder-row-16 nonhundred-percent-fullwidth non-hundred-percent-height-scrolling\" style=\"--awb-border-radius-top-left:0px;--awb-border-radius-top-right:0px;--awb-border-radius-bottom-right:0px;--awb-border-radius-bottom-left:0px;--awb-margin-top:60px;--awb-margin-bottom:60px;--awb-flex-wrap:wrap;\" ><div class=\"fusion-builder-row fusion-row\"><div class=\"fusion-layout-column fusion_builder_column fusion-builder-column-25 fusion_builder_column_1_1 1_1 fusion-one-full fusion-column-first fusion-column-last\" style=\"--awb-bg-size:cover;\"><div class=\"fusion-column-wrapper fusion-flex-column-wrapper-legacy\"><div class=\"fusion-tabs fusion-tabs-1 classic nav-is-justified horizontal-tabs icon-position-left mobile-mode-accordion\" style=\"--awb-title-border-radius-top-left:0px;--awb-title-border-radius-top-right:0px;--awb-title-border-radius-bottom-right:0px;--awb-title-border-radius-bottom-left:0px;--awb-alignment:start;--awb-inactive-color:#313132;--awb-background-color:#3e3e3e;--awb-border-color:rgba(229,86,29,0);--awb-active-border-color:#e5561d;\"><div class=\"nav\"><ul class=\"nav-tabs nav-justified\" role=\"tablist\"><li class=\"active\" role=\"presentation\"><a class=\"tab-link\" data-toggle=\"tab\" role=\"tab\" aria-controls=\"tab-251a9a7cd4277aebd02\" aria-selected=\"true\" id=\"fusion-tab-emmanuel\" href=\"#tab-251a9a7cd4277aebd02\"><h4 class=\"fusion-tab-heading\">EMMANUEL<\/h4><\/a><\/li><li role=\"presentation\"><a class=\"tab-link\" data-toggle=\"tab\" role=\"tab\" aria-controls=\"tab-b1cf1c09c30c622ab32\" aria-selected=\"false\" tabindex=\"-1\" id=\"fusion-tab-thierry\" href=\"#tab-b1cf1c09c30c622ab32\"><h4 class=\"fusion-tab-heading\">THIERRY<\/h4><\/a><\/li><li role=\"presentation\"><a class=\"tab-link\" data-toggle=\"tab\" role=\"tab\" aria-controls=\"tab-4f1d51fac164032a370\" aria-selected=\"false\" tabindex=\"-1\" id=\"fusion-tab-marie\" href=\"#tab-4f1d51fac164032a370\"><h4 class=\"fusion-tab-heading\">MARIE<\/h4><\/a><\/li><li role=\"presentation\"><a class=\"tab-link\" data-toggle=\"tab\" role=\"tab\" aria-controls=\"tab-6a16a48099659d88925\" aria-selected=\"false\" tabindex=\"-1\" id=\"fusion-tab-veronique\" href=\"#tab-6a16a48099659d88925\"><h4 class=\"fusion-tab-heading\">VERONIQUE<\/h4><\/a><\/li><li role=\"presentation\"><a class=\"tab-link\" data-toggle=\"tab\" role=\"tab\" aria-controls=\"tab-30db137d27d13c2a9a9\" aria-selected=\"false\" tabindex=\"-1\" id=\"fusion-tab-murielle\" href=\"#tab-30db137d27d13c2a9a9\"><h4 class=\"fusion-tab-heading\">MURIELLE<\/h4><\/a><\/li><\/ul><\/div><div class=\"tab-content\"><div class=\"nav fusion-mobile-tab-nav\"><ul class=\"nav-tabs nav-justified\" role=\"tablist\"><li class=\"active\" role=\"presentation\"><a class=\"tab-link\" data-toggle=\"tab\" role=\"tab\" aria-controls=\"tab-251a9a7cd4277aebd02\" aria-selected=\"true\" id=\"mobile-fusion-tab-emmanuel\" href=\"#tab-251a9a7cd4277aebd02\"><h4 class=\"fusion-tab-heading\">EMMANUEL<\/h4><\/a><\/li><\/ul><\/div><div class=\"tab-pane fade fusion-clearfix in active\" role=\"tabpanel\" tabindex=\"0\" aria-labelledby=\"fusion-tab-emmanuel\" id=\"tab-251a9a7cd4277aebd02\">\n<h4 style=\"text-align: center;\"><img decoding=\"async\" class=\"aligncenter wp-image-2005 size-full\" src=\"http:\/\/amis-hauteville.fr\/fr\/wp-content\/uploads\/2017\/11\/ENSEIGNANTS_Emmanuel_DSF6304.jpg\" alt=\"Emmanuel\" width=\"234\" height=\"300\" srcset=\"https:\/\/amis-hauteville.fr\/fr\/wp-content\/uploads\/2017\/11\/ENSEIGNANTS_Emmanuel_DSF6304-200x256.jpg 200w, https:\/\/amis-hauteville.fr\/fr\/wp-content\/uploads\/2017\/11\/ENSEIGNANTS_Emmanuel_DSF6304.jpg 234w\" sizes=\"(max-width: 234px) 100vw, 234px\" \/><\/h4>\n<h4 style=\"text-align: center;\"><span style=\"color: #e5561d;\"><strong>EMMANUEL DESJARDINS<br \/>\n<\/strong><\/span><\/h4>\n<p style=\"text-align: justify;\">Emmanuel Desjardins est n\u00e9 en 1964. Fils d\u2019Arnaud et de Denise Desjardins, il baigne d\u00e8s sa petite enfance dans un climat spirituel nourrissant. Il a dix ans lorsque son p\u00e8re ouvre son premier ashram, le Bost, en Auvergne, qui le marque en profondeur, bien qu\u2019il le vive avec ses yeux d\u2019enfant puis d&rsquo;adolescent. \u00c0 17 ans, il retourne \u00e0 Paris pour suivre des \u00e9tudes de sciences politiques et de sociologie. Il travaillera plusieurs ann\u00e9es dans le milieu de la culture.<br \/>\n\u00c0 l\u2019\u00e2ge de vingt-huit ans, une crise int\u00e9rieure lui montre la n\u00e9cessit\u00e9 d\u2019effectuer un v\u00e9ritable travail sur soi et le pousse \u00e0 approfondir l\u2019enseignement de Swami Prajnanpad, tel qu\u2019il est transmis par son p\u00e8re. En 1995, il int\u00e8gre l\u2019\u00e9quipe de Hauteville et occupe alors diverses fonctions, entre autres\u00a0: accueil des nouveaux venus, publication de la Lettre de Hauteville, responsabilit\u00e9 des s\u00e9jours parents-enfants et adolescents. Il r\u00e9alise en outre quelques films tels que <em>R\u00e9cit d\u2019un itin\u00e9raire spirituel<\/em>, dans lequel Arnaud Desjardins retrace son parcours spirituel depuis les groupes Gurdjief jusqu\u2019\u00e0 sa rencontre avec Swami Prajnanpad. Durant cette p\u00e9riode, il poursuit et approfondit sa pratique et sa compr\u00e9hension de l\u2019enseignement. En 2005, il rejoint l\u2019\u00e9quipe des enseignants de Hauteville et commence \u00e0 accompagner dans leur recherche int\u00e9rieure celles et ceux qui viennent en s\u00e9jour \u00e0 Hauteville.<br \/>\nSon \u00e9pouse, Fabienne Desjardins, travaille \u00e0 ses c\u00f4t\u00e9s.<\/p>\n<p>Il a publi\u00e9 trois livres\u00a0: \u00ab\u00a0Prendre soin du monde\u00a0\u00bb, sur le th\u00e8me \u00ab\u00a0spiritualit\u00e9 et politique\u00a0\u00bb,\u00a0 \u00ab\u00a0Spiritualit\u00e9 De quoi s\u2019agit-il\u00a0?\u00a0\u00bb,\u00a0un livre d\u2019interviews de son p\u00e8re et \u00ab\u00a0Vivre, la gu\u00e9rison spirituelle selon Sw\u00e2mi Prajn\u00e2npad\u00a0\u00bb.<\/p>\n<p>Depuis 2014, il assure la direction spirituelle de Hauteville.<\/p>\n<\/div><div class=\"nav fusion-mobile-tab-nav\"><ul class=\"nav-tabs nav-justified\" role=\"tablist\"><li role=\"presentation\"><a class=\"tab-link\" data-toggle=\"tab\" role=\"tab\" aria-controls=\"tab-b1cf1c09c30c622ab32\" aria-selected=\"false\" tabindex=\"-1\" id=\"mobile-fusion-tab-thierry\" href=\"#tab-b1cf1c09c30c622ab32\"><h4 class=\"fusion-tab-heading\">THIERRY<\/h4><\/a><\/li><\/ul><\/div><div class=\"tab-pane fade fusion-clearfix\" role=\"tabpanel\" tabindex=\"0\" aria-labelledby=\"fusion-tab-thierry\" id=\"tab-b1cf1c09c30c622ab32\">\n<p><img decoding=\"async\" class=\"aligncenter wp-image-2295 size-full\" src=\"http:\/\/amis-hauteville.fr\/fr\/wp-content\/uploads\/2017\/11\/ENSEIGNANTS_Thierry-MARTIN_DSF6601.jpg\" alt=\"Thierry\" width=\"234\" height=\"300\" srcset=\"https:\/\/amis-hauteville.fr\/fr\/wp-content\/uploads\/2017\/11\/ENSEIGNANTS_Thierry-MARTIN_DSF6601-200x256.jpg 200w, https:\/\/amis-hauteville.fr\/fr\/wp-content\/uploads\/2017\/11\/ENSEIGNANTS_Thierry-MARTIN_DSF6601.jpg 234w\" sizes=\"(max-width: 234px) 100vw, 234px\" \/><\/p>\n<h4 style=\"text-align: center;\"><strong><span style=\"color: #e5561d;\">THIERRY MARTIN<br \/>\n<\/span><\/strong><\/h4>\n<p style=\"text-align: justify;\">Thierry Martin rencontre Arnaud Desjardins \u00e0 17 ans, au Bost, en 1978. Profond\u00e9ment impr\u00e9gn\u00e9 par la rencontre avec son ma\u00eetre, il fait quelques s\u00e9jours \u00e0 Font d\u2019Isi\u00e8re, le second ashram d&rsquo;Arnaud Desjardins, termine ses \u00e9tudes d\u2019\u00e9conomie aux USA et s\u2019engage ensuite dans une vie professionnelle active.<br \/>\n\u00c0 33 ans, Arnaud lui propose d\u2019int\u00e9grer l\u2019\u00e9quipe de l\u2019ashram et fait appel \u00e0 lui notamment pour pr\u00e9parer la transition entre Font d\u2019Isi\u00e8re et Hauteville. Il assume alors pendant treize ans, aux c\u00f4t\u00e9s d&rsquo;Arnaud, la fonction de coordinateur d\u2019une \u00e9quipe de permanents qui s\u2019\u00e9toffe &#8211; les lieux \u00e9tant plus vastes &#8211; et d\u2019administrateur de l\u2019association, en charge des aspects mat\u00e9riels du fonctionnement de l\u2019ashram. C\u2019est par impr\u00e9gnation et dans cette proximit\u00e9 particuli\u00e8re avec Arnaud que Thierry vit l\u2019essentiel de sa <em>sadhana<\/em>, recevant \u00ab\u00a0l\u2019enseignement incarn\u00e9\u00a0\u00bb au fil de situations existentielles diverses, tant personnelles que professionnelles.<br \/>\nEn 2008, Arnaud lui demande de prendre part \u00e0 la transmission de la voie et Thierry assume depuis lors la fonction d\u2019enseignant. Form\u00e9 par Arnaud \u00e0 ce qu\u2019il appelait la \u00ab\u00a0vision d\u2019ensemble\u00a0\u00bb, il continue par ailleurs \u00e0 assister Emmanuel dans sa fonction de direction de Hauteville, prenant part avec lui aux d\u00e9cisions concernant les orientations de la vie de l\u2019ashram.<\/p>\n<\/div><div class=\"nav fusion-mobile-tab-nav\"><ul class=\"nav-tabs nav-justified\" role=\"tablist\"><li role=\"presentation\"><a class=\"tab-link\" data-toggle=\"tab\" role=\"tab\" aria-controls=\"tab-4f1d51fac164032a370\" aria-selected=\"false\" tabindex=\"-1\" id=\"mobile-fusion-tab-marie\" href=\"#tab-4f1d51fac164032a370\"><h4 class=\"fusion-tab-heading\">MARIE<\/h4><\/a><\/li><\/ul><\/div><div class=\"tab-pane fade fusion-clearfix\" role=\"tabpanel\" tabindex=\"0\" aria-labelledby=\"fusion-tab-marie\" id=\"tab-4f1d51fac164032a370\">\n<h4 style=\"text-align: center;\"><strong><span style=\"color: #e5561d;\"><img decoding=\"async\" class=\"aligncenter wp-image-2011 size-full\" src=\"http:\/\/amis-hauteville.fr\/fr\/wp-content\/uploads\/2017\/11\/ENSEIGNANTS_Marie2__DSF6316.jpg\" alt=\"\" width=\"234\" height=\"300\" srcset=\"https:\/\/amis-hauteville.fr\/fr\/wp-content\/uploads\/2017\/11\/ENSEIGNANTS_Marie2__DSF6316-200x256.jpg 200w, https:\/\/amis-hauteville.fr\/fr\/wp-content\/uploads\/2017\/11\/ENSEIGNANTS_Marie2__DSF6316.jpg 234w\" sizes=\"(max-width: 234px) 100vw, 234px\" \/><\/span><\/strong><\/h4>\n<h4 style=\"text-align: center;\"><strong><span style=\"color: #e5561d;\">MARIE MATHIOT<br \/>\n<\/span><\/strong><\/h4>\n<p style=\"text-align: justify;\">En 1979, par le biais du yoga elle d\u00e9couvre les livres d\u2019Arnaud Desjardins et l\u2019enseignement qu\u2019il transmet\u00a0: l\u2019<em>adhyatma yoga<\/em>. C\u2019est \u00e0 Ardenne, lieu anim\u00e9 par Alain et Claudie Bayod d\u00e9di\u00e9 \u00e0 l\u2019approfondissement de cette voie o\u00f9 elle vient r\u00e9guli\u00e8rement en retraite, qu\u2019elle rencontrera Arnaud pour la premi\u00e8re fois en 1983. Elle s\u2019inscrit en 1981 \u00e0 la formation propos\u00e9e par l\u2019E.F.Y. (\u00c9cole Fran\u00e7aise de Yoga) de Paris, devient enseignante de yoga, fait de nombreuses retraites \u00e0 l\u2019ashram de Font d\u2019Isi\u00e8re, puis \u00e0 Hauteville, guid\u00e9e par Arnaud dans sa qu\u00eate d\u2019un engagement personnel plus entier.<br \/>\nDevenue maman, elle concilie son r\u00f4le d\u2019\u00e9ducatrice, de professeur de yoga, ses retraites et ses formations pour accompagner des personnes dans leur propre cheminement int\u00e9rieur.<br \/>\nL\u2019enseignement prenant une place essentielle dans son existence, elle r\u00e9duit ses activit\u00e9s yoga et, en accord avec Arnaud, cr\u00e9e avec son ex-mari un centre affili\u00e9 \u00e0 Hauteville, Belle Chasse. D\u00e8s 2005, ils y recevront des personnes ayant besoin d\u2019aide dans leur\u00a0<em>sadhana.<\/em><\/p>\n<\/div><div class=\"nav fusion-mobile-tab-nav\"><ul class=\"nav-tabs nav-justified\" role=\"tablist\"><li role=\"presentation\"><a class=\"tab-link\" data-toggle=\"tab\" role=\"tab\" aria-controls=\"tab-6a16a48099659d88925\" aria-selected=\"false\" tabindex=\"-1\" id=\"mobile-fusion-tab-veronique\" href=\"#tab-6a16a48099659d88925\"><h4 class=\"fusion-tab-heading\">VERONIQUE<\/h4><\/a><\/li><\/ul><\/div><div class=\"tab-pane fade fusion-clearfix\" role=\"tabpanel\" tabindex=\"0\" aria-labelledby=\"fusion-tab-veronique\" id=\"tab-6a16a48099659d88925\">\n<h4 style=\"text-align: center;\"><img decoding=\"async\" class=\"aligncenter wp-image-2008 size-full\" src=\"http:\/\/amis-hauteville.fr\/fr\/wp-content\/uploads\/2017\/11\/ENSEIGNANTS_V\u00e9ronique_DSCF2201.jpg\" alt=\"V\u00e9ronique\" width=\"234\" height=\"300\" srcset=\"https:\/\/amis-hauteville.fr\/fr\/wp-content\/uploads\/2017\/11\/ENSEIGNANTS_V\u00e9ronique_DSCF2201-200x256.jpg 200w, https:\/\/amis-hauteville.fr\/fr\/wp-content\/uploads\/2017\/11\/ENSEIGNANTS_V\u00e9ronique_DSCF2201.jpg 234w\" sizes=\"(max-width: 234px) 100vw, 234px\" \/><\/h4>\n<h4 style=\"text-align: center;\"><strong><span style=\"color: #e5561d;\">VERONIQUE DESJARDINS<br \/>\n<\/span><\/strong><\/h4>\n<p style=\"text-align: justify;\">C\u2019est en 1973 que V\u00e9ronique Loiseleur rencontre Arnaud Desjardins, un an avant l\u2019ouverture de son premier ashram, le Bost. Elle s\u2019engage aussit\u00f4t aupr\u00e8s de lui en tant qu\u2019\u00e9l\u00e8ve. En 1986, elle devient sa compagne\u00a0; ils se marieront en 1996. Aux c\u00f4t\u00e9s d\u2019Arnaud, elle a contribu\u00e9 \u00e0 la fondation de l\u2019ashram d\u2019Hauteville,\u00a0\u00e0 la r\u00e9daction de plusieurs de ses ouvrages et coanim\u00e9 avec lui des s\u00e9jours d\u2019approfondissement \u00e0 Hauteville, au Qu\u00e9bec et au Mexique.<br \/>\nV\u00e9ronique Desjardins a par ailleurs dirig\u00e9 la collection des \u00ab\u00a0Chemins de la Sagesse\u00a0\u00bb aux \u00c9ditions de la Table Ronde pendant 17 ans et \u00e9crit plusieurs ouvrages (<em>Anthologie de la non-dualit\u00e9,\u00a0Les Formules de Sw\u00e2mi Prajn\u00e2npad<\/em>,\u00a0<em>Ce que vous aurez d\u00e9li\u00e9 sur terre<\/em>).<br \/>\nDepuis la mort d\u2019Arnaud Desjardins, elle exerce une grande partie de ses activit\u00e9s \u00e0 l\u2019ext\u00e9rieur d\u2019Hauteville (conf\u00e9rences, s\u00e9minaires et groupes de femmes), dans la continuit\u00e9 de ce qu\u2019Arnaud lui a transmis.<\/p>\n<p><span style=\"color: #999999;\">\u00a0<\/span><\/p>\n<div><\/div>\n<\/div><div class=\"nav fusion-mobile-tab-nav\"><ul class=\"nav-tabs nav-justified\" role=\"tablist\"><li role=\"presentation\"><a class=\"tab-link\" data-toggle=\"tab\" role=\"tab\" aria-controls=\"tab-30db137d27d13c2a9a9\" aria-selected=\"false\" tabindex=\"-1\" id=\"mobile-fusion-tab-murielle\" href=\"#tab-30db137d27d13c2a9a9\"><h4 class=\"fusion-tab-heading\">MURIELLE<\/h4><\/a><\/li><\/ul><\/div><div class=\"tab-pane fade fusion-clearfix\" role=\"tabpanel\" tabindex=\"0\" aria-labelledby=\"fusion-tab-murielle\" id=\"tab-30db137d27d13c2a9a9\">\n<p><img decoding=\"async\" class=\"size-full wp-image-2860 aligncenter\" src=\"http:\/\/amis-hauteville.fr\/fr\/wp-content\/uploads\/2025\/06\/Murielle.jpg\" alt=\"Murielle Massin\" width=\"234\" height=\"300\" srcset=\"https:\/\/amis-hauteville.fr\/fr\/wp-content\/uploads\/2025\/06\/Murielle-200x256.jpg 200w, https:\/\/amis-hauteville.fr\/fr\/wp-content\/uploads\/2025\/06\/Murielle.jpg 234w\" sizes=\"(max-width: 234px) 100vw, 234px\" \/><\/p>\n<h4 style=\"text-align: center;\"><span style=\"color: #ff6600;\"><strong>MURIELLE MASSIN<\/strong><\/span><\/h4>\n<div class=\"v1gmail_quote v1gmail_quote_container\">Murielle Massin est la fille d&rsquo;Arnaud et Denise Desjardins. Elle est mise en contact avec les grandes figures spirituelles de l&rsquo;Inde et du bouddhisme tib\u00e9tain, d\u00e8s son plus jeune \u00e2ge, en accompagnant ses parents lors de leurs voyages en Inde pour le tournage des films de son p\u00e8re.<\/div>\n<div><\/div>\n<div class=\"v1gmail_quote v1gmail_quote_container\">Elle retrouve Ma Anandamayi (une figure spirituelle majeure de l&rsquo;Inde) \u00e0 l&rsquo;\u00e2ge de 16 ans, et cette rencontre est d\u00e9cisive.\u00a0\u00a0Elle effectue alors de longs s\u00e9jours dans ses ashrams, jusqu&rsquo;au d\u00e9c\u00e8s de celle-ci. Elle d\u00e9couvre l&rsquo;enseignement de Sw\u00e2mi Prajn\u00e2npad \u00e0 17 ans, \u00e0 l&rsquo;ouverture du premier ashram au Bost ; et s&rsquo;engage de plus en plus dans cette voie avec les ann\u00e9es.<\/div>\n<div><\/div>\n<div class=\"v1gmail_quote v1gmail_quote_container\">Elle se marie jeune avec Christophe Massin, et s&rsquo;occupe principalement de ses enfants, tout en occupant divers postes d&rsquo;assistante de direction. Puis, ses enfants ayant grandi, elle reprend ses \u00e9tudes et devient psychologue clinicienne et psychoth\u00e9rapeute, en exercice lib\u00e9ral.<\/div>\n<div><\/div>\n<div class=\"v1gmail_quote v1gmail_quote_container\">Au tournant de la cinquantaine, elle commence \u00e0 co-animer des week-ends de transmission de l&rsquo;enseignement de Sw\u00e2mi Prajn\u00e2npad avec son mari. Elle prend sa retraite professionnelle en 2020, et est appel\u00e9e, en octobre 2024, \u00e0 rejoindre l&rsquo;\u00e9quipe des enseignants de Hauteville.<\/div>\n<\/div><\/div><\/div><div class=\"fusion-clearfix\"><\/div><\/div><\/div><\/div><\/div><div class=\"fusion-fullwidth fullwidth-box fusion-builder-row-17 nonhundred-percent-fullwidth non-hundred-percent-height-scrolling\" style=\"--awb-border-sizes-top:0px;--awb-border-sizes-bottom:0px;--awb-border-sizes-left:0px;--awb-border-sizes-right:0px;--awb-border-color:#f44336;--awb-border-style:dotted;--awb-border-radius-top-left:0px;--awb-border-radius-top-right:0px;--awb-border-radius-bottom-right:0px;--awb-border-radius-bottom-left:0px;--awb-flex-wrap:wrap;\" ><div class=\"fusion-builder-row fusion-row\"><div class=\"fusion-layout-column fusion_builder_column fusion-builder-column-26 fusion_builder_column_1_1 1_1 fusion-one-full fusion-column-first fusion-column-last\" style=\"--awb-bg-size:cover;--awb-border-color:#8bc34a;--awb-border-top:0;--awb-border-right:0;--awb-border-bottom:0;--awb-border-left:0;--awb-border-style:dotted;\"><div class=\"fusion-column-wrapper fusion-flex-column-wrapper-legacy\"><div class=\"fusion-title title fusion-title-3 fusion-title-center fusion-title-text fusion-title-size-one\" style=\"--awb-margin-bottom:0px;--awb-sep-color:#515151;\"><div class=\"title-sep-container title-sep-container-left\"><div class=\"title-sep sep-single sep-solid\" style=\"border-color:#515151;\"><\/div><\/div><span class=\"awb-title-spacer\"><\/span><h1 class=\"fusion-title-heading title-heading-center fusion-responsive-typography-calculated\" style=\"margin:0;--fontSize:100;line-height:1.75;\"><img decoding=\"async\" class=\"size-full wp-image-179 aligncenter\" src=\"http:\/\/amis-hauteville.fr\/fr\/wp-content\/uploads\/2017\/10\/Fleur-de-section.png\" alt=\"\" width=\"50\" height=\"50\" \/><\/h1><span class=\"awb-title-spacer\"><\/span><div class=\"title-sep-container title-sep-container-right\"><div class=\"title-sep sep-single sep-solid\" style=\"border-color:#515151;\"><\/div><\/div><\/div><div class=\"fusion-clearfix\"><\/div><\/div><\/div><\/div><\/div><div class=\"fusion-fullwidth fullwidth-box fusion-builder-row-18 nonhundred-percent-fullwidth non-hundred-percent-height-scrolling\" style=\"--awb-border-sizes-top:0px;--awb-border-sizes-bottom:0px;--awb-border-sizes-left:0px;--awb-border-sizes-right:0px;--awb-border-color:#f44336;--awb-border-style:dotted;--awb-border-radius-top-left:0px;--awb-border-radius-top-right:0px;--awb-border-radius-bottom-right:0px;--awb-border-radius-bottom-left:0px;--awb-padding-top:50px;--awb-padding-bottom:0px;--awb-margin-top:30px;--awb-margin-bottom:0px;--awb-flex-wrap:wrap;\" ><div class=\"fusion-builder-row fusion-row\"><div class=\"fusion-layout-column fusion_builder_column fusion-builder-column-27 fusion_builder_column_1_1 1_1 fusion-one-full fusion-column-first fusion-column-last\" style=\"--awb-bg-size:cover;--awb-border-color:#8bc34a;--awb-border-top:0;--awb-border-right:0;--awb-border-bottom:0;--awb-border-left:0;--awb-border-style:dotted;\"><div class=\"fusion-column-wrapper fusion-flex-column-wrapper-legacy\"><div class=\"fusion-title title fusion-title-4 fusion-sep-none fusion-title-text fusion-title-size-three\" style=\"--awb-margin-bottom:5px;--awb-sep-color:#e5561d;\"><h3 class=\"fusion-title-heading title-heading-left fusion-responsive-typography-calculated\" style=\"margin:0;--fontSize:35;line-height:2.22;\">INTERVENANTS EXT\u00c9RIEURS<\/h3><\/div><div class=\"fusion-clearfix\"><\/div><\/div><\/div><\/div><\/div><div class=\"fusion-fullwidth fullwidth-box fusion-builder-row-19 nonhundred-percent-fullwidth non-hundred-percent-height-scrolling\" style=\"--awb-border-radius-top-left:0px;--awb-border-radius-top-right:0px;--awb-border-radius-bottom-right:0px;--awb-border-radius-bottom-left:0px;--awb-margin-top:40px;--awb-flex-wrap:wrap;\" ><div class=\"fusion-builder-row fusion-row\"><div class=\"fusion-layout-column fusion_builder_column fusion-builder-column-28 fusion_builder_column_1_1 1_1 fusion-one-full fusion-column-first fusion-column-last\" style=\"--awb-bg-size:cover;\"><div class=\"fusion-column-wrapper fusion-flex-column-wrapper-legacy\"><div class=\"fusion-text fusion-text-12\"><p style=\"text-align: justify;\">Chaque ann\u00e9e, Jacques Castermane, May Kazan, Gilles Farcet et Christophe Massin apportent leur contribution lors de s\u00e9minaires ou de journ\u00e9es-rencontres.<\/p>\n<\/div><div class=\"fusion-clearfix\"><\/div><\/div><\/div><\/div><\/div><div class=\"fusion-fullwidth fullwidth-box fusion-builder-row-20 nonhundred-percent-fullwidth non-hundred-percent-height-scrolling\" style=\"--awb-border-radius-top-left:0px;--awb-border-radius-top-right:0px;--awb-border-radius-bottom-right:0px;--awb-border-radius-bottom-left:0px;--awb-margin-top:40px;--awb-margin-bottom:80px;--awb-flex-wrap:wrap;\" ><div class=\"fusion-builder-row fusion-row\"><div class=\"fusion-layout-column fusion_builder_column fusion-builder-column-29 fusion_builder_column_1_5 1_5 fusion-one-fifth fusion-column-first\" style=\"--awb-bg-size:cover;--awb-margin-top:30px;width:20%;width:calc(20% - ( ( 4% + 4% + 4% ) * 0.2 ) );margin-right: 4%;\"><div class=\"fusion-column-wrapper fusion-flex-column-wrapper-legacy\"><div class=\"fusion-image-element fusion-image-align-center in-legacy-container\" style=\"text-align:center;--awb-caption-title-font-family:var(--h2_typography-font-family);--awb-caption-title-font-weight:var(--h2_typography-font-weight);--awb-caption-title-font-style:var(--h2_typography-font-style);--awb-caption-title-size:var(--h2_typography-font-size);--awb-caption-title-transform:var(--h2_typography-text-transform);--awb-caption-title-line-height:var(--h2_typography-line-height);--awb-caption-title-letter-spacing:var(--h2_typography-letter-spacing);\"><div class=\"imageframe-align-center\"><span class=\" fusion-imageframe imageframe-none imageframe-13 hover-type-none\" style=\"border:1px solid #ffffff;border-radius:5px;\"><img decoding=\"async\" width=\"234\" height=\"300\" title=\"Jacques Castermane\" src=\"http:\/\/amis-hauteville.fr\/fr\/wp-content\/uploads\/2017\/11\/INTERVENANTS-ext_JacquesC.jpg\" alt class=\"img-responsive wp-image-1999\" srcset=\"https:\/\/amis-hauteville.fr\/fr\/wp-content\/uploads\/2017\/11\/INTERVENANTS-ext_JacquesC-200x256.jpg 200w, https:\/\/amis-hauteville.fr\/fr\/wp-content\/uploads\/2017\/11\/INTERVENANTS-ext_JacquesC.jpg 234w\" sizes=\"(max-width: 800px) 100vw, 200px\" \/><\/span><\/div><\/div><div class=\"fusion-text fusion-text-13\"><p style=\"text-align: center;\"><strong><span style=\"color: #999999;\">JACQUES CASTERMANE<\/span><\/strong><\/p>\n<\/div><div class=\"fusion-clearfix\"><\/div><\/div><\/div><div class=\"fusion-layout-column fusion_builder_column fusion-builder-column-30 fusion_builder_column_1_5 1_5 fusion-one-fifth\" style=\"--awb-bg-size:cover;--awb-margin-top:30px;width:20%;width:calc(20% - ( ( 4% + 4% + 4% ) * 0.2 ) );margin-right: 4%;\"><div class=\"fusion-column-wrapper fusion-flex-column-wrapper-legacy\"><div class=\"fusion-image-element fusion-image-align-center in-legacy-container\" style=\"text-align:center;--awb-caption-title-font-family:var(--h2_typography-font-family);--awb-caption-title-font-weight:var(--h2_typography-font-weight);--awb-caption-title-font-style:var(--h2_typography-font-style);--awb-caption-title-size:var(--h2_typography-font-size);--awb-caption-title-transform:var(--h2_typography-text-transform);--awb-caption-title-line-height:var(--h2_typography-line-height);--awb-caption-title-letter-spacing:var(--h2_typography-letter-spacing);\"><div class=\"imageframe-align-center\"><span class=\" fusion-imageframe imageframe-none imageframe-14 hover-type-none\" style=\"border:1px solid #ffffff;border-radius:5px;\"><img decoding=\"async\" width=\"234\" height=\"300\" title=\"May Kazan\" src=\"http:\/\/amis-hauteville.fr\/fr\/wp-content\/uploads\/2017\/11\/INTERVENANTS-ext_MayK.jpg\" alt class=\"img-responsive wp-image-2000\" srcset=\"https:\/\/amis-hauteville.fr\/fr\/wp-content\/uploads\/2017\/11\/INTERVENANTS-ext_MayK-200x256.jpg 200w, https:\/\/amis-hauteville.fr\/fr\/wp-content\/uploads\/2017\/11\/INTERVENANTS-ext_MayK.jpg 234w\" sizes=\"(max-width: 800px) 100vw, 200px\" \/><\/span><\/div><\/div><div class=\"fusion-text fusion-text-14\"><p style=\"text-align: center;\"><span style=\"color: #999999;\"><strong>MAY<br \/>\nKAZAN<\/strong><\/span><\/p>\n<\/div><div class=\"fusion-clearfix\"><\/div><\/div><\/div><div class=\"fusion-layout-column fusion_builder_column fusion-builder-column-31 fusion_builder_column_1_5 1_5 fusion-one-fifth\" style=\"--awb-bg-size:cover;--awb-margin-top:30px;width:20%;width:calc(20% - ( ( 4% + 4% + 4% ) * 0.2 ) );margin-right: 4%;\"><div class=\"fusion-column-wrapper fusion-flex-column-wrapper-legacy\"><div class=\"fusion-image-element fusion-image-align-center in-legacy-container\" style=\"text-align:center;--awb-caption-title-font-family:var(--h2_typography-font-family);--awb-caption-title-font-weight:var(--h2_typography-font-weight);--awb-caption-title-font-style:var(--h2_typography-font-style);--awb-caption-title-size:var(--h2_typography-font-size);--awb-caption-title-transform:var(--h2_typography-text-transform);--awb-caption-title-line-height:var(--h2_typography-line-height);--awb-caption-title-letter-spacing:var(--h2_typography-letter-spacing);\"><div class=\"imageframe-align-center\"><span class=\" fusion-imageframe imageframe-none imageframe-15 hover-type-none\" style=\"border:1px solid #ffffff;border-radius:5px;\"><img decoding=\"async\" width=\"234\" height=\"300\" title=\"Gilles Farcet\" src=\"http:\/\/amis-hauteville.fr\/fr\/wp-content\/uploads\/2017\/11\/INTERVENANTS-ext_GillesF.jpg\" alt class=\"img-responsive wp-image-1998\" srcset=\"https:\/\/amis-hauteville.fr\/fr\/wp-content\/uploads\/2017\/11\/INTERVENANTS-ext_GillesF-200x256.jpg 200w, https:\/\/amis-hauteville.fr\/fr\/wp-content\/uploads\/2017\/11\/INTERVENANTS-ext_GillesF.jpg 234w\" sizes=\"(max-width: 800px) 100vw, 200px\" \/><\/span><\/div><\/div><div class=\"fusion-text fusion-text-15\"><p style=\"text-align: center;\"><span style=\"color: #999999;\"><strong>GILLES<br \/>\nFARCET<\/strong><\/span><\/p>\n<\/div><div class=\"fusion-clearfix\"><\/div><\/div><\/div><div class=\"fusion-layout-column fusion_builder_column fusion-builder-column-32 fusion_builder_column_1_5 1_5 fusion-one-fifth fusion-column-last\" style=\"--awb-bg-size:cover;--awb-margin-top:30px;width:20%;width:calc(20% - ( ( 4% + 4% + 4% ) * 0.2 ) );\"><div class=\"fusion-column-wrapper fusion-flex-column-wrapper-legacy\"><div class=\"fusion-image-element fusion-image-align-center in-legacy-container\" style=\"text-align:center;--awb-caption-title-font-family:var(--h2_typography-font-family);--awb-caption-title-font-weight:var(--h2_typography-font-weight);--awb-caption-title-font-style:var(--h2_typography-font-style);--awb-caption-title-size:var(--h2_typography-font-size);--awb-caption-title-transform:var(--h2_typography-text-transform);--awb-caption-title-line-height:var(--h2_typography-line-height);--awb-caption-title-letter-spacing:var(--h2_typography-letter-spacing);\"><div class=\"imageframe-align-center\"><span class=\" fusion-imageframe imageframe-none imageframe-16 hover-type-none\" style=\"border:1px solid #ffffff;border-radius:5px;\"><img decoding=\"async\" width=\"234\" height=\"300\" title=\"Christophe Massin\" src=\"http:\/\/amis-hauteville.fr\/fr\/wp-content\/uploads\/2017\/11\/INTERVENANTS-ext_ChristopheM.jpg\" alt class=\"img-responsive wp-image-1997\" srcset=\"https:\/\/amis-hauteville.fr\/fr\/wp-content\/uploads\/2017\/11\/INTERVENANTS-ext_ChristopheM-200x256.jpg 200w, https:\/\/amis-hauteville.fr\/fr\/wp-content\/uploads\/2017\/11\/INTERVENANTS-ext_ChristopheM.jpg 234w\" sizes=\"(max-width: 800px) 100vw, 200px\" \/><\/span><\/div><\/div><div class=\"fusion-text fusion-text-16\"><p style=\"text-align: center;\"><span style=\"color: #999999;\"><strong>CHRISTOPHE MASSIN<\/strong><\/span><\/p>\n<\/div><div class=\"fusion-clearfix\"><\/div><\/div><\/div><\/div><\/div><div class=\"fusion-fullwidth fullwidth-box fusion-builder-row-21 hundred-percent-fullwidth non-hundred-percent-height-scrolling\" style=\"--awb-border-sizes-top:0px;--awb-border-sizes-bottom:0px;--awb-border-sizes-left:0px;--awb-border-sizes-right:0px;--awb-border-color:#f44336;--awb-border-style:dashed;--awb-border-radius-top-left:0px;--awb-border-radius-top-right:0px;--awb-border-radius-bottom-right:0px;--awb-border-radius-bottom-left:0px;--awb-margin-top:0px;--awb-margin-bottom:0px;--awb-flex-wrap:wrap;\" ><div class=\"fusion-builder-row fusion-row\"><div class=\"fusion-layout-column fusion_builder_column fusion-builder-column-33 fusion_builder_column_1_1 1_1 fusion-one-full fusion-column-first fusion-column-last\" style=\"--awb-bg-size:cover;--awb-border-color:#8bc34a;--awb-border-top:0;--awb-border-right:0;--awb-border-bottom:0;--awb-border-left:0;--awb-border-style:dotted;\"><div class=\"fusion-column-wrapper fusion-flex-column-wrapper-legacy\"><div class=\"fusion-column-content-centered\"><div class=\"fusion-column-content\"><div class=\"fusion-image-element fusion-image-align-center in-legacy-container\" style=\"text-align:center;--awb-caption-title-font-family:var(--h2_typography-font-family);--awb-caption-title-font-weight:var(--h2_typography-font-weight);--awb-caption-title-font-style:var(--h2_typography-font-style);--awb-caption-title-size:var(--h2_typography-font-size);--awb-caption-title-transform:var(--h2_typography-text-transform);--awb-caption-title-line-height:var(--h2_typography-line-height);--awb-caption-title-letter-spacing:var(--h2_typography-letter-spacing);\"><div class=\"imageframe-align-center\"><span class=\" fusion-imageframe imageframe-none imageframe-17 hover-type-none\"><img decoding=\"async\" width=\"2500\" height=\"60\" title=\"Frise double \u00e0 2500px_154_mg_2922\" src=\"http:\/\/amis-hauteville.fr\/fr\/wp-content\/uploads\/2017\/10\/Frise-double-\u00e0-2500px_154_mg_2922.jpg\" alt class=\"img-responsive wp-image-807\" srcset=\"https:\/\/amis-hauteville.fr\/fr\/wp-content\/uploads\/2017\/10\/Frise-double-\u00e0-2500px_154_mg_2922-200x5.jpg 200w, https:\/\/amis-hauteville.fr\/fr\/wp-content\/uploads\/2017\/10\/Frise-double-\u00e0-2500px_154_mg_2922-400x10.jpg 400w, https:\/\/amis-hauteville.fr\/fr\/wp-content\/uploads\/2017\/10\/Frise-double-\u00e0-2500px_154_mg_2922-600x14.jpg 600w, https:\/\/amis-hauteville.fr\/fr\/wp-content\/uploads\/2017\/10\/Frise-double-\u00e0-2500px_154_mg_2922-800x19.jpg 800w, https:\/\/amis-hauteville.fr\/fr\/wp-content\/uploads\/2017\/10\/Frise-double-\u00e0-2500px_154_mg_2922-1200x29.jpg 1200w, https:\/\/amis-hauteville.fr\/fr\/wp-content\/uploads\/2017\/10\/Frise-double-\u00e0-2500px_154_mg_2922.jpg 2500w\" sizes=\"(max-width: 800px) 100vw, 1200px\" \/><\/span><\/div><\/div><\/div><\/div><div class=\"fusion-clearfix\"><\/div><\/div><\/div><\/div><\/div><\/p>\n","protected":false},"excerpt":{"rendered":"","protected":false},"author":1,"featured_media":0,"parent":0,"menu_order":0,"comment_status":"closed","ping_status":"closed","template":"100-width.php","meta":{"footnotes":""},"yst_prominent_words":[383,24,55,386,126,125,58,450,391,23,440,387,451,382,379,380,57,384],"class_list":["post-25","page","type-page","status-publish","hentry"],"_links":{"self":[{"href":"https:\/\/amis-hauteville.fr\/fr\/wp-json\/wp\/v2\/pages\/25","targetHints":{"allow":["GET"]}}],"collection":[{"href":"https:\/\/amis-hauteville.fr\/fr\/wp-json\/wp\/v2\/pages"}],"about":[{"href":"https:\/\/amis-hauteville.fr\/fr\/wp-json\/wp\/v2\/types\/page"}],"author":[{"embeddable":true,"href":"https:\/\/amis-hauteville.fr\/fr\/wp-json\/wp\/v2\/users\/1"}],"replies":[{"embeddable":true,"href":"https:\/\/amis-hauteville.fr\/fr\/wp-json\/wp\/v2\/comments?post=25"}],"version-history":[{"count":171,"href":"https:\/\/amis-hauteville.fr\/fr\/wp-json\/wp\/v2\/pages\/25\/revisions"}],"predecessor-version":[{"id":2861,"href":"https:\/\/amis-hauteville.fr\/fr\/wp-json\/wp\/v2\/pages\/25\/revisions\/2861"}],"wp:attachment":[{"href":"https:\/\/amis-hauteville.fr\/fr\/wp-json\/wp\/v2\/media?parent=25"}],"wp:term":[{"taxonomy":"yst_prominent_words","embeddable":true,"href":"https:\/\/amis-hauteville.fr\/fr\/wp-json\/wp\/v2\/yst_prominent_words?post=25"}],"curies":[{"name":"wp","href":"https:\/\/api.w.org\/{rel}","templated":true}]}}